{"id":6473,"date":"2023-03-04T10:00:09","date_gmt":"2023-03-04T09:00:09","guid":{"rendered":"https:\/\/artelatz.eus\/nortzuk-gara\/"},"modified":"2026-03-11T13:28:23","modified_gmt":"2026-03-11T12:28:23","slug":"quienes-somos","status":"publish","type":"page","link":"https:\/\/artelatz.eus\/es\/quienes-somos\/","title":{"rendered":"Qui\u00e9nes somos"},"content":{"rendered":"<p>[et_pb_section fb_built=\u00bb1&#8243; fullwidth=\u00bbon\u00bb next_background_color=\u00bb#ffffff\u00bb _builder_version=\u00bb4.16&#8243; background_color=\u00bbrgba(0,0,0,0.25)\u00bb background_image=\u00bbhttps:\/\/artelatz.eus\/wp-content\/uploads\/2019\/07\/Banner_NORTZUK-GARA.jpg\u00bb background_blend=\u00bbdarken\u00bb custom_padding=\u00bb0|0px|90px|0px|false|false\u00bb bottom_divider_style=\u00bbgraph3&#8243; bottom_divider_height=\u00bb20px\u00bb global_colors_info=\u00bb{}\u00bb][et_pb_fullwidth_post_title meta=\u00bboff\u00bb featured_image=\u00bboff\u00bb _builder_version=\u00bb4.16&#8243; title_font=\u00bb|||on|||||\u00bb title_text_align=\u00bbcenter\u00bb title_text_color=\u00bb#ffffff\u00bb title_font_size=\u00bb30px\u00bb title_letter_spacing=\u00bb5px\u00bb animation_style=\u00bbzoom\u00bb title_text_shadow_style=\u00bbpreset1&#8243; global_colors_info=\u00bb{}\u00bb][\/et_pb_fullwidth_post_title][\/et_pb_section][et_pb_section fb_built=\u00bb1&#8243; _builder_version=\u00bb4.16&#8243; custom_padding=\u00bb55px|0px|40px|0px|false|false\u00bb global_colors_info=\u00bb{}\u00bb][et_pb_row _builder_version=\u00bb4.16&#8243; custom_padding=\u00bb0|0px|0|0px|false|false\u00bb animation_style=\u00bbfade\u00bb global_colors_info=\u00bb{}\u00bb][et_pb_column type=\u00bb4_4&#8243; _builder_version=\u00bb4.16&#8243; custom_padding=\u00bb|||\u00bb global_colors_info=\u00bb{}\u00bb custom_padding__hover=\u00bb|||\u00bb][et_pb_text _builder_version=\u00bb4.27.5&#8243; text_font=\u00bb|||on|||||\u00bb text_text_color=\u00bb#97bf0d\u00bb text_font_size=\u00bb25px\u00bb text_font_size_phone=\u00bb18px\u00bb text_font_size_last_edited=\u00bboff|phone\u00bb global_colors_info=\u00bb{}\u00bb][\/et_pb_text][et_pb_text _builder_version=\u00bb4.16&#8243; global_colors_info=\u00bb{}\u00bb]<\/p>\n<p><strong>ARTELATZ<\/strong>, trabaja en el \u00e1mbito de los servicios medioambientales desde 1991. Nuestra empresa, adem\u00e1s de tener como eje fundamental de trabajo el medioambiente y dar a conocer sus afecciones y alternativas de soluci\u00f3n, tambi\u00e9n ahonda en despertar conciencias cr\u00edticas y actitudes favorables para impulsar acciones positivas. Un pulso que seguimos renovando d\u00eda a d\u00eda.<\/p>\n<p>En el equipo humano estamos profesionales con formaci\u00f3n en m\u00faltiples campos y en su desarrollo profesional atesoran la experiencia de muchos a\u00f1os. El trabajo en equipo nos permite ofrecer m\u00faltiples servicios aunando calidad y cercan\u00eda.<\/p>\n<p>[\/et_pb_text][\/et_pb_column][\/et_pb_row][\/et_pb_section][et_pb_section fb_built=\u00bb1&#8243; _builder_version=\u00bb4.16&#8243; custom_padding=\u00bb55px|0px|40px|0px|false|false\u00bb global_colors_info=\u00bb{}\u00bb][et_pb_row column_structure=\u00bb1_5,1_5,1_5,1_5,1_5&#8243; _builder_version=\u00bb4.16&#8243; custom_padding=\u00bb0|0px|0|0px|false|false\u00bb animation_style=\u00bbfade\u00bb global_colors_info=\u00bb{}\u00bb][et_pb_column type=\u00bb1_5&#8243; _builder_version=\u00bb4.16&#8243; custom_padding=\u00bb|||\u00bb global_colors_info=\u00bb{}\u00bb custom_padding__hover=\u00bb|||\u00bb][et_pb_team_member name=\u00bbLeire\u00bb position=\u00bbDepartamento de proyectos \/ Educadora medioambiental\u00bb image_url=\u00bbhttps:\/\/artelatz.eus\/wp-content\/uploads\/2025\/07\/LEIRE-D.jpeg\u00bb _builder_version=\u00bb4.27.5&#8243; hover_enabled=\u00bb0&#8243; border_radii_image=\u00bbon|5px|5px|5px|5px\u00bb box_shadow_style_image=\u00bbpreset2&#8243; global_colors_info=\u00bb{}\u00bb sticky_enabled=\u00bb0&#8243;][\/et_pb_team_member][\/et_pb_column][et_pb_column type=\u00bb1_5&#8243; _builder_version=\u00bb4.16&#8243; custom_padding=\u00bb|||\u00bb global_colors_info=\u00bb{}\u00bb custom_padding__hover=\u00bb|||\u00bb][et_pb_team_member name=\u00bbAna\u00bb position=\u00bbDepartamento de proyectos \/ Educadora medioambiental\u00bb image_url=\u00bbhttps:\/\/artelatz.eus\/wp-content\/uploads\/2026\/03\/ANA-IRURE.jpg\u00bb _builder_version=\u00bb4.27.5&#8243; border_radii_image=\u00bbon|5px|5px|5px|5px\u00bb box_shadow_style_image=\u00bbpreset2&#8243; global_colors_info=\u00bb{}\u00bb][\/et_pb_team_member][\/et_pb_column][et_pb_column type=\u00bb1_5&#8243; _builder_version=\u00bb4.16&#8243; custom_padding=\u00bb|||\u00bb global_colors_info=\u00bb{}\u00bb custom_padding__hover=\u00bb|||\u00bb][et_pb_team_member name=\u00bbAmaia\u00bb position=\u00bbParques Naturales y Centros de Interpretaci\u00f3n \/ Educadora medioambiental\u00bb image_url=\u00bbhttps:\/\/artelatz.eus\/wp-content\/uploads\/2023\/03\/AMAIA_V.jpg\u00bb _builder_version=\u00bb4.27.4&#8243; border_radii_image=\u00bbon|5px|5px|5px|5px\u00bb box_shadow_style_image=\u00bbpreset2&#8243; global_colors_info=\u00bb{}\u00bb][\/et_pb_team_member][\/et_pb_column][et_pb_column type=\u00bb1_5&#8243; _builder_version=\u00bb4.16&#8243; custom_padding=\u00bb|||\u00bb global_colors_info=\u00bb{}\u00bb custom_padding__hover=\u00bb|||\u00bb][et_pb_team_member name=\u00bbAmaia\u00bb position=\u00bbAdministraci\u00f3n \/ Secretar\u00eda\u00bb image_url=\u00bbhttps:\/\/artelatz.eus\/wp-content\/uploads\/2023\/03\/AMAIA_Z.jpg\u00bb _builder_version=\u00bb4.27.4&#8243; body_font=\u00bb||||||||\u00bb border_radii_image=\u00bbon|5px|5px|5px|5px\u00bb box_shadow_style_image=\u00bbpreset2&#8243; global_colors_info=\u00bb{}\u00bb][\/et_pb_team_member][\/et_pb_column][et_pb_column type=\u00bb1_5&#8243; _builder_version=\u00bb4.16&#8243; custom_padding=\u00bb|||\u00bb global_colors_info=\u00bb{}\u00bb custom_padding__hover=\u00bb|||\u00bb][et_pb_team_member name=\u00bbAne\u00bb position=\u00bbEducadora medioambiental\u00bb image_url=\u00bbhttps:\/\/artelatz.eus\/wp-content\/uploads\/2023\/03\/ANE-1.jpg\u00bb _builder_version=\u00bb4.27.4&#8243; border_radii_image=\u00bbon|5px|5px|5px|5px\u00bb box_shadow_style_image=\u00bbpreset2&#8243; global_colors_info=\u00bb{}\u00bb][\/et_pb_team_member][\/et_pb_column][\/et_pb_row][et_pb_row column_structure=\u00bb1_5,1_5,1_5,1_5,1_5&#8243; admin_label=\u00bbFila\u00bb _builder_version=\u00bb4.16&#8243; custom_padding=\u00bb40px|0px|0|0px|false|false\u00bb animation_style=\u00bbfade\u00bb global_colors_info=\u00bb{}\u00bb][et_pb_column type=\u00bb1_5&#8243; _builder_version=\u00bb4.16&#8243; custom_padding=\u00bb|||\u00bb global_colors_info=\u00bb{}\u00bb custom_padding__hover=\u00bb|||\u00bb][et_pb_team_member name=\u00bbArantxa\u00bb position=\u00bbAgenda 2030 \/ Educadora medioambiental\u00bb image_url=\u00bbhttps:\/\/artelatz.eus\/wp-content\/uploads\/2023\/03\/ARAN.jpg\u00bb _builder_version=\u00bb4.27.4&#8243; border_radii_image=\u00bbon|5px|5px|5px|5px\u00bb box_shadow_style_image=\u00bbpreset2&#8243; global_colors_info=\u00bb{}\u00bb][\/et_pb_team_member][\/et_pb_column][et_pb_column type=\u00bb1_5&#8243; _builder_version=\u00bb4.16&#8243; custom_padding=\u00bb|||\u00bb global_colors_info=\u00bb{}\u00bb custom_padding__hover=\u00bb|||\u00bb][et_pb_team_member name=\u00bbEdu\u00bb position=\u00bbEquipo de direcci\u00f3n \/ Departamento de proyectos\u00bb image_url=\u00bbhttps:\/\/artelatz.eus\/wp-content\/uploads\/2023\/03\/EDU.jpg\u00bb _builder_version=\u00bb4.27.4&#8243; border_radii_image=\u00bbon|5px|5px|5px|5px\u00bb box_shadow_style_image=\u00bbpreset2&#8243; global_colors_info=\u00bb{}\u00bb][\/et_pb_team_member][\/et_pb_column][et_pb_column type=\u00bb1_5&#8243; _builder_version=\u00bb4.16&#8243; custom_padding=\u00bb|||\u00bb global_colors_info=\u00bb{}\u00bb custom_padding__hover=\u00bb|||\u00bb][et_pb_team_member name=\u00bbEli\u00bb position=\u00bbAgenda 2030 \/ Educadora medioambiental\u00bb image_url=\u00bbhttps:\/\/artelatz.eus\/wp-content\/uploads\/2023\/03\/ELI.jpg\u00bb _builder_version=\u00bb4.27.4&#8243; border_radii_image=\u00bbon|5px|5px|5px|5px\u00bb box_shadow_style_image=\u00bbpreset2&#8243; global_colors_info=\u00bb{}\u00bb][\/et_pb_team_member][\/et_pb_column][et_pb_column type=\u00bb1_5&#8243; _builder_version=\u00bb4.16&#8243; custom_padding=\u00bb|||\u00bb global_colors_info=\u00bb{}\u00bb custom_padding__hover=\u00bb|||\u00bb][et_pb_team_member name=\u00bbGema\u00bb position=\u00bbDise\u00f1adora\u00bb image_url=\u00bbhttps:\/\/artelatz.eus\/wp-content\/uploads\/2023\/03\/GEMA.jpg\u00bb _builder_version=\u00bb4.27.4&#8243; border_radii_image=\u00bbon|5px|5px|5px|5px\u00bb box_shadow_style_image=\u00bbpreset2&#8243; global_colors_info=\u00bb{}\u00bb][\/et_pb_team_member][\/et_pb_column][et_pb_column type=\u00bb1_5&#8243; _builder_version=\u00bb4.16&#8243; custom_padding=\u00bb|||\u00bb global_colors_info=\u00bb{}\u00bb custom_padding__hover=\u00bb|||\u00bb][et_pb_team_member name=\u00bbJonan\u00bb position=\u00bbParques Naturales y Centros de Interpretaci\u00f3n \/ Educador medioambiental\u00bb image_url=\u00bbhttps:\/\/artelatz.eus\/wp-content\/uploads\/2025\/07\/JONAN-1.jpg\u00bb _builder_version=\u00bb4.27.4&#8243; border_radii_image=\u00bbon|5px|5px|5px|5px\u00bb box_shadow_style_image=\u00bbpreset2&#8243; global_colors_info=\u00bb{}\u00bb][\/et_pb_team_member][\/et_pb_column][\/et_pb_row][et_pb_row column_structure=\u00bb1_5,1_5,1_5,1_5,1_5&#8243; _builder_version=\u00bb4.16&#8243; custom_padding=\u00bb40px|0px|0|0px|false|false\u00bb animation_style=\u00bbfade\u00bb global_colors_info=\u00bb{}\u00bb][et_pb_column type=\u00bb1_5&#8243; _builder_version=\u00bb4.16&#8243; custom_padding=\u00bb|||\u00bb global_colors_info=\u00bb{}\u00bb custom_padding__hover=\u00bb|||\u00bb][et_pb_team_member name=\u00bbJuan\u00bb position=\u00bbEquipo de direcci\u00f3n \/ Gesti\u00f3n empresarial\u00bb image_url=\u00bbhttps:\/\/artelatz.eus\/wp-content\/uploads\/2023\/03\/JUAN.jpg\u00bb _builder_version=\u00bb4.27.4&#8243; border_radii_image=\u00bbon|5px|5px|5px|5px\u00bb box_shadow_style_image=\u00bbpreset2&#8243; global_colors_info=\u00bb{}\u00bb][\/et_pb_team_member][\/et_pb_column][et_pb_column type=\u00bb1_5&#8243; _builder_version=\u00bb4.16&#8243; custom_padding=\u00bb|||\u00bb global_colors_info=\u00bb{}\u00bb custom_padding__hover=\u00bb|||\u00bb][et_pb_team_member name=\u00bbIrati\u00bb position=\u00bbDepartamento de proyectos \/ Educadora medioambiental\u00bb image_url=\u00bbhttps:\/\/artelatz.eus\/wp-content\/uploads\/2025\/09\/IRATI.jpg\u00bb _builder_version=\u00bb4.27.5&#8243; hover_enabled=\u00bb0&#8243; border_radii_image=\u00bbon|5px|5px|5px|5px\u00bb box_shadow_style_image=\u00bbpreset2&#8243; global_colors_info=\u00bb{}\u00bb sticky_enabled=\u00bb0&#8243;][\/et_pb_team_member][\/et_pb_column][et_pb_column type=\u00bb1_5&#8243; _builder_version=\u00bb4.16&#8243; custom_padding=\u00bb|||\u00bb global_colors_info=\u00bb{}\u00bb custom_padding__hover=\u00bb|||\u00bb][et_pb_team_member name=\u00bbMikel\u00bb position=\u00bbEquipo de direcci\u00f3n \/ Parques Naturales y Centros de Interpretaci\u00f3n\u00bb image_url=\u00bbhttps:\/\/artelatz.eus\/wp-content\/uploads\/2023\/03\/MIKEL.jpg\u00bb _builder_version=\u00bb4.27.4&#8243; border_radii_image=\u00bbon|5px|5px|5px|5px\u00bb box_shadow_style_image=\u00bbpreset2&#8243; global_colors_info=\u00bb{}\u00bb][\/et_pb_team_member][\/et_pb_column][et_pb_column type=\u00bb1_5&#8243; _builder_version=\u00bb4.16&#8243; custom_padding=\u00bb|||\u00bb global_colors_info=\u00bb{}\u00bb custom_padding__hover=\u00bb|||\u00bb][et_pb_team_member name=\u00bbNerea\u00bb position=\u00bbParques Naturales y Centros de Interpretaci\u00f3n \/ Educadora medioambiental\u00bb image_url=\u00bbhttps:\/\/artelatz.eus\/wp-content\/uploads\/2023\/03\/NEREA.jpg\u00bb _builder_version=\u00bb4.27.4&#8243; border_radii_image=\u00bbon|5px|5px|5px|5px\u00bb box_shadow_style_image=\u00bbpreset2&#8243; global_colors_info=\u00bb{}\u00bb][\/et_pb_team_member][\/et_pb_column][et_pb_column type=\u00bb1_5&#8243; _builder_version=\u00bb4.16&#8243; custom_padding=\u00bb|||\u00bb global_colors_info=\u00bb{}\u00bb custom_padding__hover=\u00bb|||\u00bb][et_pb_team_member name=\u00bbIdoia\u00bb position=\u00bbEducadora medioambiental\u00bb image_url=\u00bbhttps:\/\/artelatz.eus\/wp-content\/uploads\/2026\/03\/IDOIA.jpg\u00bb _builder_version=\u00bb4.27.5&#8243; border_radii_image=\u00bbon|5px|5px|5px|5px\u00bb box_shadow_style_image=\u00bbpreset2&#8243; global_colors_info=\u00bb{}\u00bb][\/et_pb_team_member][\/et_pb_column][\/et_pb_row][et_pb_row column_structure=\u00bb1_5,1_5,1_5,1_5,1_5&#8243; _builder_version=\u00bb4.20.2&#8243; _module_preset=\u00bbdefault\u00bb global_colors_info=\u00bb{}\u00bb][et_pb_column type=\u00bb1_5&#8243; _builder_version=\u00bb4.20.2&#8243; _module_preset=\u00bbdefault\u00bb global_colors_info=\u00bb{}\u00bb][et_pb_team_member name=\u00bbYajaira\u00bb position=\u00bbDepartamento de proyectos\u00bb image_url=\u00bbhttps:\/\/artelatz.eus\/wp-content\/uploads\/2023\/03\/YAJAIRA.jpg\u00bb _builder_version=\u00bb4.27.4&#8243; _module_preset=\u00bbdefault\u00bb global_colors_info=\u00bb{}\u00bb][\/et_pb_team_member][\/et_pb_column][et_pb_column type=\u00bb1_5&#8243; _builder_version=\u00bb4.20.2&#8243; _module_preset=\u00bbdefault\u00bb global_colors_info=\u00bb{}\u00bb][et_pb_team_member name=\u00bbIrati\u00bb position=\u00bbEducadora medioambiental\u00bb image_url=\u00bbhttps:\/\/artelatz.eus\/wp-content\/uploads\/2026\/03\/IRATI-EZKERRA.jpg\u00bb _builder_version=\u00bb4.27.5&#8243; _module_preset=\u00bbdefault\u00bb global_colors_info=\u00bb{}\u00bb][\/et_pb_team_member][\/et_pb_column][et_pb_column type=\u00bb1_5&#8243; _builder_version=\u00bb4.20.2&#8243; _module_preset=\u00bbdefault\u00bb global_colors_info=\u00bb{}\u00bb][et_pb_team_member name=\u00bbLarraitz\u00bb position=\u00bbParques Naturales y Centros de Interpretaci\u00f3n \/ Educadora medioambiental\u00bb image_url=\u00bbhttps:\/\/artelatz.eus\/wp-content\/uploads\/2025\/07\/LARRAITZ.jpg\u00bb _builder_version=\u00bb4.27.4&#8243; _module_preset=\u00bbdefault\u00bb global_colors_info=\u00bb{}\u00bb][\/et_pb_team_member][\/et_pb_column][et_pb_column type=\u00bb1_5&#8243; _builder_version=\u00bb4.20.2&#8243; _module_preset=\u00bbdefault\u00bb global_colors_info=\u00bb{}\u00bb][et_pb_team_member _builder_version=\u00bb4.20.2&#8243; _module_preset=\u00bbdefault\u00bb global_colors_info=\u00bb{}\u00bb][\/et_pb_team_member][\/et_pb_column][et_pb_column type=\u00bb1_5&#8243; _builder_version=\u00bb4.20.2&#8243; _module_preset=\u00bbdefault\u00bb global_colors_info=\u00bb{}\u00bb][et_pb_team_member _builder_version=\u00bb4.20.2&#8243; _module_preset=\u00bbdefault\u00bb global_colors_info=\u00bb{}\u00bb][\/et_pb_team_member][\/et_pb_column][\/et_pb_row][\/et_pb_section]<\/p>\n","protected":false},"excerpt":{"rendered":"<p>ARTELATZ, trabaja en el \u00e1mbito de los servicios medioambientales desde 1991. Nuestra empresa, adem\u00e1s de tener como eje fundamental de trabajo el medioambiente y dar a conocer sus afecciones y alternativas de soluci\u00f3n, tambi\u00e9n ahonda en despertar conciencias cr\u00edticas y actitudes favorables para impulsar acciones positivas. Un pulso que seguimos renovando d\u00eda a d\u00eda. En [&hellip;]<\/p>\n","protected":false},"author":1,"featured_media":0,"parent":0,"menu_order":0,"comment_status":"closed","ping_status":"closed","template":"","meta":{"_et_pb_use_builder":"on","_et_pb_old_content":"","_et_gb_content_width":"","footnotes":""},"class_list":["post-6473","page","type-page","status-publish","hentry"],"yoast_head":"<!-- This site is optimized with the Yoast SEO plugin v27.3 - https:\/\/yoast.com\/product\/yoast-seo-wordpress\/ -->\n<title>Qui\u00e9nes somos &#8226; Artelatz<\/title>\n<meta name=\"description\" content=\"ARTELATZ, trabaja en el \u00e1mbito de los servicios medioambientales desde 1991. Nuestra empresa, adem\u00e1s de tener como eje fundamental de trabajo el medioambiente y dar a conocer sus afecciones y alternativas de soluci\u00f3n, tambi\u00e9n ahonda en despertar conciencias cr\u00edticas y actitudes favorables para impulsar acciones positivas. Un pulso que seguimos renovando d\u00eda a d\u00eda.\" \/>\n<meta name=\"robots\" content=\"index, follow, max-snippet:-1, max-image-preview:large, max-video-preview:-1\" \/>\n<link rel=\"canonical\" href=\"https:\/\/artelatz.eus\/es\/quienes-somos\/\" \/>\n<meta property=\"og:locale\" content=\"es_ES\" \/>\n<meta property=\"og:type\" content=\"article\" \/>\n<meta property=\"og:title\" content=\"Qui\u00e9nes somos &#8226; Artelatz\" \/>\n<meta property=\"og:description\" content=\"ARTELATZ, trabaja en el \u00e1mbito de los servicios medioambientales desde 1991. Nuestra empresa, adem\u00e1s de tener como eje fundamental de trabajo el medioambiente y dar a conocer sus afecciones y alternativas de soluci\u00f3n, tambi\u00e9n ahonda en despertar conciencias cr\u00edticas y actitudes favorables para impulsar acciones positivas. Un pulso que seguimos renovando d\u00eda a d\u00eda.\" \/>\n<meta property=\"og:url\" content=\"https:\/\/artelatz.eus\/es\/quienes-somos\/\" \/>\n<meta property=\"og:site_name\" content=\"Artelatz\" \/>\n<meta property=\"article:publisher\" content=\"https:\/\/www.facebook.com\/Artelatz-143100262512937\/\" \/>\n<meta property=\"article:modified_time\" content=\"2026-03-11T12:28:23+00:00\" \/>\n<meta property=\"og:image\" content=\"https:\/\/artelatz.eus\/wp-content\/uploads\/2019\/03\/Artelatz_logo.png\" \/>\n\t<meta property=\"og:image:width\" content=\"200\" \/>\n\t<meta property=\"og:image:height\" content=\"87\" \/>\n\t<meta property=\"og:image:type\" content=\"image\/png\" \/>\n<meta name=\"twitter:card\" content=\"summary_large_image\" \/>\n<meta name=\"twitter:site\" content=\"@artelatz_inguru\" \/>\n<meta name=\"twitter:label1\" content=\"Tiempo de lectura\" \/>\n\t<meta name=\"twitter:data1\" content=\"5 minutos\" \/>\n<script type=\"application\/ld+json\" class=\"yoast-schema-graph\">{\"@context\":\"https:\\\/\\\/schema.org\",\"@graph\":[{\"@type\":\"WebPage\",\"@id\":\"https:\\\/\\\/artelatz.eus\\\/es\\\/quienes-somos\\\/\",\"url\":\"https:\\\/\\\/artelatz.eus\\\/es\\\/quienes-somos\\\/\",\"name\":\"Qui\u00e9nes somos &#8226; Artelatz\",\"isPartOf\":{\"@id\":\"https:\\\/\\\/artelatz.eus\\\/#website\"},\"datePublished\":\"2023-03-04T09:00:09+00:00\",\"dateModified\":\"2026-03-11T12:28:23+00:00\",\"description\":\"ARTELATZ, trabaja en el \u00e1mbito de los servicios medioambientales desde 1991. Nuestra empresa, adem\u00e1s de tener como eje fundamental de trabajo el medioambiente y dar a conocer sus afecciones y alternativas de soluci\u00f3n, tambi\u00e9n ahonda en despertar conciencias cr\u00edticas y actitudes favorables para impulsar acciones positivas. Un pulso que seguimos renovando d\u00eda a d\u00eda.\",\"breadcrumb\":{\"@id\":\"https:\\\/\\\/artelatz.eus\\\/es\\\/quienes-somos\\\/#breadcrumb\"},\"inLanguage\":\"es\",\"potentialAction\":[{\"@type\":\"ReadAction\",\"target\":[\"https:\\\/\\\/artelatz.eus\\\/es\\\/quienes-somos\\\/\"]}]},{\"@type\":\"BreadcrumbList\",\"@id\":\"https:\\\/\\\/artelatz.eus\\\/es\\\/quienes-somos\\\/#breadcrumb\",\"itemListElement\":[{\"@type\":\"ListItem\",\"position\":1,\"name\":\"Home\",\"item\":\"https:\\\/\\\/artelatz.eus\\\/es\\\/\"},{\"@type\":\"ListItem\",\"position\":2,\"name\":\"Qui\u00e9nes somos\"}]},{\"@type\":\"WebSite\",\"@id\":\"https:\\\/\\\/artelatz.eus\\\/#website\",\"url\":\"https:\\\/\\\/artelatz.eus\\\/\",\"name\":\"Artelatz\",\"description\":\"Ingurumen zerbitzuak\",\"publisher\":{\"@id\":\"https:\\\/\\\/artelatz.eus\\\/#organization\"},\"potentialAction\":[{\"@type\":\"SearchAction\",\"target\":{\"@type\":\"EntryPoint\",\"urlTemplate\":\"https:\\\/\\\/artelatz.eus\\\/?s={search_term_string}\"},\"query-input\":{\"@type\":\"PropertyValueSpecification\",\"valueRequired\":true,\"valueName\":\"search_term_string\"}}],\"inLanguage\":\"es\"},{\"@type\":\"Organization\",\"@id\":\"https:\\\/\\\/artelatz.eus\\\/#organization\",\"name\":\"Artelatz Ingurugiro Zerbitzuak\",\"url\":\"https:\\\/\\\/artelatz.eus\\\/\",\"logo\":{\"@type\":\"ImageObject\",\"inLanguage\":\"es\",\"@id\":\"https:\\\/\\\/artelatz.eus\\\/#\\\/schema\\\/logo\\\/image\\\/\",\"url\":\"https:\\\/\\\/artelatz.eus\\\/wp-content\\\/uploads\\\/2019\\\/03\\\/Artelatz_logo.png\",\"contentUrl\":\"https:\\\/\\\/artelatz.eus\\\/wp-content\\\/uploads\\\/2019\\\/03\\\/Artelatz_logo.png\",\"width\":200,\"height\":87,\"caption\":\"Artelatz Ingurugiro Zerbitzuak\"},\"image\":{\"@id\":\"https:\\\/\\\/artelatz.eus\\\/#\\\/schema\\\/logo\\\/image\\\/\"},\"sameAs\":[\"https:\\\/\\\/www.facebook.com\\\/Artelatz-143100262512937\\\/\",\"https:\\\/\\\/x.com\\\/artelatz_inguru\",\"https:\\\/\\\/www.youtube.com\\\/user\\\/artelatz\"]}]}<\/script>\n<!-- \/ Yoast SEO plugin. -->","yoast_head_json":{"title":"Qui\u00e9nes somos &#8226; Artelatz","description":"ARTELATZ, trabaja en el \u00e1mbito de los servicios medioambientales desde 1991. Nuestra empresa, adem\u00e1s de tener como eje fundamental de trabajo el medioambiente y dar a conocer sus afecciones y alternativas de soluci\u00f3n, tambi\u00e9n ahonda en despertar conciencias cr\u00edticas y actitudes favorables para impulsar acciones positivas. Un pulso que seguimos renovando d\u00eda a d\u00eda.","robots":{"index":"index","follow":"follow","max-snippet":"max-snippet:-1","max-image-preview":"max-image-preview:large","max-video-preview":"max-video-preview:-1"},"canonical":"https:\/\/artelatz.eus\/es\/quienes-somos\/","og_locale":"es_ES","og_type":"article","og_title":"Qui\u00e9nes somos &#8226; Artelatz","og_description":"ARTELATZ, trabaja en el \u00e1mbito de los servicios medioambientales desde 1991. Nuestra empresa, adem\u00e1s de tener como eje fundamental de trabajo el medioambiente y dar a conocer sus afecciones y alternativas de soluci\u00f3n, tambi\u00e9n ahonda en despertar conciencias cr\u00edticas y actitudes favorables para impulsar acciones positivas. Un pulso que seguimos renovando d\u00eda a d\u00eda.","og_url":"https:\/\/artelatz.eus\/es\/quienes-somos\/","og_site_name":"Artelatz","article_publisher":"https:\/\/www.facebook.com\/Artelatz-143100262512937\/","article_modified_time":"2026-03-11T12:28:23+00:00","og_image":[{"width":200,"height":87,"url":"https:\/\/artelatz.eus\/wp-content\/uploads\/2019\/03\/Artelatz_logo.png","type":"image\/png"}],"twitter_card":"summary_large_image","twitter_site":"@artelatz_inguru","twitter_misc":{"Tiempo de lectura":"5 minutos"},"schema":{"@context":"https:\/\/schema.org","@graph":[{"@type":"WebPage","@id":"https:\/\/artelatz.eus\/es\/quienes-somos\/","url":"https:\/\/artelatz.eus\/es\/quienes-somos\/","name":"Qui\u00e9nes somos &#8226; Artelatz","isPartOf":{"@id":"https:\/\/artelatz.eus\/#website"},"datePublished":"2023-03-04T09:00:09+00:00","dateModified":"2026-03-11T12:28:23+00:00","description":"ARTELATZ, trabaja en el \u00e1mbito de los servicios medioambientales desde 1991. Nuestra empresa, adem\u00e1s de tener como eje fundamental de trabajo el medioambiente y dar a conocer sus afecciones y alternativas de soluci\u00f3n, tambi\u00e9n ahonda en despertar conciencias cr\u00edticas y actitudes favorables para impulsar acciones positivas. Un pulso que seguimos renovando d\u00eda a d\u00eda.","breadcrumb":{"@id":"https:\/\/artelatz.eus\/es\/quienes-somos\/#breadcrumb"},"inLanguage":"es","potentialAction":[{"@type":"ReadAction","target":["https:\/\/artelatz.eus\/es\/quienes-somos\/"]}]},{"@type":"BreadcrumbList","@id":"https:\/\/artelatz.eus\/es\/quienes-somos\/#breadcrumb","itemListElement":[{"@type":"ListItem","position":1,"name":"Home","item":"https:\/\/artelatz.eus\/es\/"},{"@type":"ListItem","position":2,"name":"Qui\u00e9nes somos"}]},{"@type":"WebSite","@id":"https:\/\/artelatz.eus\/#website","url":"https:\/\/artelatz.eus\/","name":"Artelatz","description":"Ingurumen zerbitzuak","publisher":{"@id":"https:\/\/artelatz.eus\/#organization"},"potentialAction":[{"@type":"SearchAction","target":{"@type":"EntryPoint","urlTemplate":"https:\/\/artelatz.eus\/?s={search_term_string}"},"query-input":{"@type":"PropertyValueSpecification","valueRequired":true,"valueName":"search_term_string"}}],"inLanguage":"es"},{"@type":"Organization","@id":"https:\/\/artelatz.eus\/#organization","name":"Artelatz Ingurugiro Zerbitzuak","url":"https:\/\/artelatz.eus\/","logo":{"@type":"ImageObject","inLanguage":"es","@id":"https:\/\/artelatz.eus\/#\/schema\/logo\/image\/","url":"https:\/\/artelatz.eus\/wp-content\/uploads\/2019\/03\/Artelatz_logo.png","contentUrl":"https:\/\/artelatz.eus\/wp-content\/uploads\/2019\/03\/Artelatz_logo.png","width":200,"height":87,"caption":"Artelatz Ingurugiro Zerbitzuak"},"image":{"@id":"https:\/\/artelatz.eus\/#\/schema\/logo\/image\/"},"sameAs":["https:\/\/www.facebook.com\/Artelatz-143100262512937\/","https:\/\/x.com\/artelatz_inguru","https:\/\/www.youtube.com\/user\/artelatz"]}]}},"_links":{"self":[{"href":"https:\/\/artelatz.eus\/es\/wp-json\/wp\/v2\/pages\/6473","targetHints":{"allow":["GET"]}}],"collection":[{"href":"https:\/\/artelatz.eus\/es\/wp-json\/wp\/v2\/pages"}],"about":[{"href":"https:\/\/artelatz.eus\/es\/wp-json\/wp\/v2\/types\/page"}],"author":[{"embeddable":true,"href":"https:\/\/artelatz.eus\/es\/wp-json\/wp\/v2\/users\/1"}],"replies":[{"embeddable":true,"href":"https:\/\/artelatz.eus\/es\/wp-json\/wp\/v2\/comments?post=6473"}],"version-history":[{"count":5,"href":"https:\/\/artelatz.eus\/es\/wp-json\/wp\/v2\/pages\/6473\/revisions"}],"predecessor-version":[{"id":8383,"href":"https:\/\/artelatz.eus\/es\/wp-json\/wp\/v2\/pages\/6473\/revisions\/8383"}],"wp:attachment":[{"href":"https:\/\/artelatz.eus\/es\/wp-json\/wp\/v2\/media?parent=6473"}],"curies":[{"name":"wp","href":"https:\/\/api.w.org\/{rel}","templated":true}]}}